{"id":331,"date":"2025-09-19T16:19:04","date_gmt":"2025-09-19T14:19:04","guid":{"rendered":"https:\/\/skolka.montessorislany.cz\/?page_id=331"},"modified":"2025-11-18T12:45:35","modified_gmt":"2025-11-18T11:45:35","slug":"home","status":"publish","type":"page","link":"https:\/\/msslany.montessorislany.cz\/","title":{"rendered":"Dom\u016f"},"content":{"rendered":"<p>[et_pb_section fb_built=&#8220;1&#8243; specialty=&#8220;on&#8220; padding_top_1=&#8220;10%&#8220; padding_top_bottom_link_1=&#8220;false&#8220; padding_left_right_link_1=&#8220;false&#8220; padding_1_tablet=&#8220;0px||||false|false&#8220; padding_1_phone=&#8220;0px||||false|false&#8220; padding_1_last_edited=&#8220;on|tablet&#8220; _builder_version=&#8220;4.27.4&#8243; _module_preset=&#8220;default&#8220; global_colors_info=&#8220;{}&#8220;][et_pb_column type=&#8220;1_2&#8243; _builder_version=&#8220;4.16&#8243; custom_padding=&#8220;|||&#8220; global_colors_info=&#8220;{}&#8220; custom_padding__hover=&#8220;|||&#8220;][et_pb_heading title=&#8220;\u201eJ\u00e1 to dok\u00e1\u017eu samo!\u201c&#8220; _builder_version=&#8220;4.27.4&#8243; _module_preset=&#8220;3a6d7acc-ba7f-42fd-85cf-567b9fa1a48a&#8220; title_text_color=&#8220;gcid-primary-color&#8220; locked=&#8220;off&#8220; global_colors_info=&#8220;{%22gcid-primary-color%22:%91%22title_text_color%22%93}&#8220;][\/et_pb_heading][et_pb_heading title=&#8220;Vedeme d\u011bti k radosti z objevov\u00e1n\u00ed sv\u011bta&#8220; _builder_version=&#8220;4.27.4&#8243; _module_preset=&#8220;24e0526a-a93f-4121-b6c9-250d1c0896e6&#8243; custom_margin=&#8220;||20px||false|false&#8220; locked=&#8220;off&#8220; global_colors_info=&#8220;{}&#8220;][\/et_pb_heading][et_pb_text _builder_version=&#8220;4.27.4&#8243; _module_preset=&#8220;a961405f-56b5-4b7a-aae5-7e2a6cbac043&#8243; locked=&#8220;off&#8220; global_colors_info=&#8220;{}&#8220;]<\/p>\n<p>Mate\u0159sk\u00e1 \u0161kolka je ur\u010dena pro d\u011bti od 3 let v\u011bku a nab\u00edz\u00ed p\u0159\u00edjemn\u00e9,klidn\u00e9, inspirativn\u00ed a\u00a0podn\u011btn\u00e9 prost\u0159ed\u00ed.<\/p>\n<p>Od z\u00e1\u0159\u00ed 2017 je za\u0159azena do s\u00edt\u011b \u0161kolek.<\/p>\n<p>M\u00e1me osobn\u00ed a citliv\u00fd p\u0159\u00edstup k\u00a0d\u00edt\u011bti, kter\u00fd respektuje\u00a0jeho\u00a0v\u00fdvoj a je samotn\u00e9.<br \/>N\u00e1\u0161 den m\u00e1 pravideln\u00fd rytmus, kter\u00fd tvo\u0159\u00ed spole\u010dn\u00e9 aktivity, ne\u0159\u00edzen\u00e1 voln\u00e1 pr\u00e1ce d\u011bt\u00ed a venkovn\u00ed program.<\/p>\n<p>[\/et_pb_text][\/et_pb_column][et_pb_column type=&#8220;1_2&#8243; specialty_columns=&#8220;2&#8243; _builder_version=&#8220;4.16&#8243; custom_padding=&#8220;|||&#8220; global_colors_info=&#8220;{}&#8220; custom_padding__hover=&#8220;|||&#8220;][et_pb_row_inner column_structure=&#8220;1_2,1_2&#8243; use_custom_gutter=&#8220;on&#8220; gutter_width=&#8220;1&#8243; make_equal=&#8220;on&#8220; _builder_version=&#8220;4.27.4&#8243; _module_preset=&#8220;default&#8220; global_colors_info=&#8220;{}&#8220;][et_pb_column_inner type=&#8220;1_2&#8243; saved_specialty_column_type=&#8220;1_2&#8243; _builder_version=&#8220;4.27.4&#8243; _module_preset=&#8220;default&#8220; global_colors_info=&#8220;{}&#8220;][et_pb_divider show_divider=&#8220;off&#8220; _builder_version=&#8220;4.27.4&#8243; _module_preset=&#8220;default&#8220; background_color=&#8220;gcid-secondary-color&#8220; height=&#8220;300px&#8220; border_radii=&#8220;on|500px|500px|500px|500px&#8220; locked=&#8220;off&#8220; global_colors_info=&#8220;{%22gcid-secondary-color%22:%91%22background_color%22%93}&#8220;][\/et_pb_divider][et_pb_image src=&#8220;https:\/\/msslany.montessorislany.cz\/wp-content\/uploads\/2025\/09\/Co_dti_potebuj_na_zahradu-scaled.jpg&#8220; title_text=&#8220;OLYMPUS DIGITAL CAMERA&#8220; _builder_version=&#8220;4.27.4&#8243; _module_preset=&#8220;default&#8220; border_radii=&#8220;on|500px|500px|500px|500px&#8220; locked=&#8220;off&#8220; global_colors_info=&#8220;{}&#8220;][\/et_pb_image][et_pb_divider show_divider=&#8220;off&#8220; _builder_version=&#8220;4.27.4&#8243; _module_preset=&#8220;default&#8220; background_color=&#8220;gcid-3f7048e2-cee9-4fc6-8cd3-4ddac2fefbaa&#8220; height=&#8220;150px&#8220; border_radii=&#8220;off|20px|20px|500px|500px&#8220; locked=&#8220;off&#8220; global_colors_info=&#8220;{%22gcid-3f7048e2-cee9-4fc6-8cd3-4ddac2fefbaa%22:%91%22background_color%22%93}&#8220;][\/et_pb_divider][\/et_pb_column_inner][et_pb_column_inner type=&#8220;1_2&#8243; saved_specialty_column_type=&#8220;1_2&#8243; _builder_version=&#8220;4.27.4&#8243; _module_preset=&#8220;default&#8220; global_colors_info=&#8220;{}&#8220;][et_pb_image src=&#8220;https:\/\/msslany.montessorislany.cz\/wp-content\/uploads\/2025\/09\/40D3AE73-34B1-4BCB-8339-7438E29D1907_1_201_a-scaled.jpeg&#8220; title_text=&#8220;OLYMPUS DIGITAL CAMERA&#8220; _builder_version=&#8220;4.27.4&#8243; _module_preset=&#8220;default&#8220; border_radii=&#8220;on|500px|500px|500px|500px&#8220; locked=&#8220;off&#8220; global_colors_info=&#8220;{}&#8220;][\/et_pb_image][et_pb_divider show_divider=&#8220;off&#8220; _builder_version=&#8220;4.27.4&#8243; _module_preset=&#8220;default&#8220; background_color=&#8220;gcid-3f7048e2-cee9-4fc6-8cd3-4ddac2fefbaa&#8220; height=&#8220;150px&#8220; border_radii=&#8220;off|20px|20px|500px|500px&#8220; locked=&#8220;off&#8220; global_colors_info=&#8220;{%22gcid-3f7048e2-cee9-4fc6-8cd3-4ddac2fefbaa%22:%91%22background_color%22%93}&#8220;][\/et_pb_divider][et_pb_divider show_divider=&#8220;off&#8220; _builder_version=&#8220;4.27.4&#8243; _module_preset=&#8220;default&#8220; background_color=&#8220;#0C71C3&#8243; height=&#8220;300px&#8220; border_radii=&#8220;on|500px|500px|500px|500px&#8220; locked=&#8220;off&#8220; global_colors_info=&#8220;{}&#8220;][\/et_pb_divider][\/et_pb_column_inner][\/et_pb_row_inner][\/et_pb_column][\/et_pb_section][et_pb_section fb_built=&#8220;1&#8243; admin_label=&#8220;About the Business&#8220; _builder_version=&#8220;4.27.4&#8243; _module_preset=&#8220;default&#8220; collapsed=&#8220;on&#8220; global_colors_info=&#8220;{}&#8220;][et_pb_row column_structure=&#8220;1_2,1_2&#8243; _builder_version=&#8220;4.27.4&#8243; _module_preset=&#8220;9f6052f8-88c4-4425-9407-3ca977c3290f&#8220; global_colors_info=&#8220;{}&#8220;][et_pb_column type=&#8220;1_2&#8243; _builder_version=&#8220;4.27.4&#8243; _module_preset=&#8220;default&#8220; global_colors_info=&#8220;{}&#8220;][et_pb_text _builder_version=&#8220;4.27.4&#8243; _module_preset=&#8220;a961405f-56b5-4b7a-aae5-7e2a6cbac043&#8243; custom_padding=&#8220;||0px|||&#8220; global_colors_info=&#8220;{}&#8220;]<\/p>\n<p>D\u011bti pracuj\u00ed s\u00a0Montessori materi\u00e1ly,\u00a0kter\u00e9 podporuj\u00ed objevov\u00e1n\u00ed, t\u0159\u00edd\u011bn\u00ed a uspo\u0159\u00e1d\u00e1n\u00ed informac\u00ed,\u00a0my\u0161len\u00ed a celkov\u011b p\u0159\u00edpravu na \u0161kolu a na \u017eivot.<\/p>\n<p>Program v mate\u0159sk\u00e9 \u0161kole je zam\u011b\u0159en na praktick\u00e9 \u010dinnosti (kuchy\u0148ka, d\u00edlna, zahrada, rukod\u011bln\u00e9 pr\u00e1ce) rozvoj smyslov\u00e9ho vn\u00edm\u00e1n\u00ed, podle z\u00e1jmu d\u011bt\u00ed na \u010dten\u00ed, psan\u00ed, matematiku a jednoduchou v\u011bdu.<\/p>\n<p>Materi\u00e1ly a pom\u016fcky jsou v\u00a0n\u00edzk\u00fdch otev\u0159en\u00fdch polic\u00edch, aby si d\u011bti na v\u0161e dos\u00e1hly samy. Ka\u017ed\u00fd den se spole\u010dn\u011b\u00a0sejdeme\u00a0v\u00a0komunitn\u00edm kruhu \u2013 pov\u00edd\u00e1me si, zp\u00edv\u00e1me, m\u00e1me pohybov\u00e1 cvi\u010den\u00ed.<\/p>\n<p>[\/et_pb_text][et_pb_heading _builder_version=&#8220;4.27.4&#8243; _module_preset=&#8220;ebba6b5a-0100-4287-8e52-0fa92325052f&#8220; custom_margin=&#8220;||10px||false|false&#8220; global_colors_info=&#8220;{}&#8220;][\/et_pb_heading][et_pb_heading _builder_version=&#8220;4.27.4&#8243; _module_preset=&#8220;ebba6b5a-0100-4287-8e52-0fa92325052f&#8220; custom_margin=&#8220;||10px||false|false&#8220; global_colors_info=&#8220;{}&#8220;][\/et_pb_heading][et_pb_text _builder_version=&#8220;4.27.4&#8243; _module_preset=&#8220;999b2882-98fb-444e-9f48-679ed11dc110&#8243; global_colors_info=&#8220;{}&#8220;][\/et_pb_text][\/et_pb_column][et_pb_column type=&#8220;1_2&#8243; _builder_version=&#8220;4.27.4&#8243; _module_preset=&#8220;default&#8220; global_colors_info=&#8220;{}&#8220;][et_pb_image src=&#8220;https:\/\/msslany.montessorislany.cz\/wp-content\/uploads\/2025\/09\/P1015079-scaled.jpg&#8220; title_text=&#8220;OLYMPUS DIGITAL CAMERA&#8220; _builder_version=&#8220;4.27.4&#8243; _module_preset=&#8220;c66464a9-4034-4ef0-9bd0-baf6f92ccc33&#8243; global_colors_info=&#8220;{}&#8220;][\/et_pb_image][\/et_pb_column][\/et_pb_row][et_pb_row column_structure=&#8220;1_2,1_2&#8243; _builder_version=&#8220;4.27.4&#8243; _module_preset=&#8220;9f6052f8-88c4-4425-9407-3ca977c3290f&#8220; custom_margin=&#8220;32px||||false|false&#8220; global_colors_info=&#8220;{}&#8220;][et_pb_column type=&#8220;1_2&#8243; _builder_version=&#8220;4.27.4&#8243; _module_preset=&#8220;default&#8220; global_colors_info=&#8220;{}&#8220;][et_pb_text _builder_version=&#8220;4.27.4&#8243; _module_preset=&#8220;a961405f-56b5-4b7a-aae5-7e2a6cbac043&#8243; custom_padding=&#8220;||0px|||&#8220; hover_enabled=&#8220;0&#8243; global_colors_info=&#8220;{}&#8220; sticky_enabled=&#8220;0&#8243;]<\/p>\n<p>D\u011bti se u\u010d\u00ed dodr\u017eovat pravidla pot\u0159ebn\u00e1 pro pr\u00e1ci v kolektivu:<\/p>\n<ul>\n<li>m\u016f\u017eu si vybrat, p\u0159i pr\u00e1ci m\u00e1m svoje m\u00edsto<\/li>\n<li>kdy\u017e skon\u010d\u00edm \u010dinnost, v\u0161echno zase uklid\u00edm a pak si vezmu n\u011bco dal\u0161\u00edho<\/li>\n<li>kdy\u017e d\u011bl\u00e1m v\u011bci tak, jak nejl\u00e9pe um\u00edm, u\u017eiju si radost z toho, jak mi to jde<\/li>\n<li>\u010dinnosti se dokon\u010duj\u00ed<\/li>\n<li>neru\u0161\u00edm druh\u00e9 v jejich pr\u00e1ci<\/li>\n<\/ul>\n<p>D\u011bti se u\u010d\u00ed pro <strong>radost ze sv\u00e9ho vlastn\u00edho pokroku<\/strong> \u2013 cht\u011bj\u00ed <span style=\"text-decoration: underline;\">&#8222;<strong>TO&#8220;<\/strong><\/span> prost\u011b objevit a um\u011bt.U\u010d\u00ed se <strong>spolupracovat s ostatn\u00edmi<\/strong> \u2013 b\u00fdt r\u00e1dci a pomocn\u00edky n\u011bkoho druh\u00e9ho \u2013 to je p\u0159irozen\u00fd \u00fasp\u011bch. Praktick\u00e9 \u010dinnosti vedou d\u011bti k dovednosti sebeobsluhy a p\u00e9\u010de o prost\u0159ed\u00ed i o druh\u00e9 \u2013 a tak <strong>roste z\u00e1jem o jejich okol\u00ed<\/strong>, ale i <strong>jejich sebev\u011bdom\u00ed.<\/strong><\/p>\n<p>[\/et_pb_text][et_pb_heading _builder_version=&#8220;4.27.4&#8243; _module_preset=&#8220;ebba6b5a-0100-4287-8e52-0fa92325052f&#8220; custom_margin=&#8220;||10px||false|false&#8220; global_colors_info=&#8220;{}&#8220;][\/et_pb_heading][et_pb_heading _builder_version=&#8220;4.27.4&#8243; _module_preset=&#8220;ebba6b5a-0100-4287-8e52-0fa92325052f&#8220; custom_margin=&#8220;||10px||false|false&#8220; global_colors_info=&#8220;{}&#8220;][\/et_pb_heading][et_pb_text _builder_version=&#8220;4.27.4&#8243; _module_preset=&#8220;999b2882-98fb-444e-9f48-679ed11dc110&#8243; global_colors_info=&#8220;{}&#8220;][\/et_pb_text][\/et_pb_column][et_pb_column type=&#8220;1_2&#8243; _builder_version=&#8220;4.27.4&#8243; _module_preset=&#8220;default&#8220; global_colors_info=&#8220;{}&#8220;][et_pb_image src=&#8220;https:\/\/msslany.montessorislany.cz\/wp-content\/uploads\/2025\/09\/sociln_rozvoj_-_spoluprce-scaled.jpg&#8220; title_text=&#8220;OLYMPUS DIGITAL CAMERA&#8220; _builder_version=&#8220;4.27.4&#8243; _module_preset=&#8220;c66464a9-4034-4ef0-9bd0-baf6f92ccc33&#8243; global_colors_info=&#8220;{}&#8220;][\/et_pb_image][\/et_pb_column][\/et_pb_row][\/et_pb_section][et_pb_section fb_built=&#8220;1&#8243; admin_label=&#8220;About the Owner&#8220; _builder_version=&#8220;4.27.4&#8243; _module_preset=&#8220;default&#8220; collapsed=&#8220;on&#8220; global_colors_info=&#8220;{}&#8220;][et_pb_row column_structure=&#8220;1_2,1_2&#8243; use_custom_gutter=&#8220;on&#8220; gutter_width=&#8220;2&#8243; make_equal=&#8220;on&#8220; _builder_version=&#8220;4.27.4&#8243; _module_preset=&#8220;default&#8220; custom_padding=&#8220;||62px|||&#8220; global_colors_info=&#8220;{}&#8220;][et_pb_column type=&#8220;1_2&#8243; _builder_version=&#8220;4.27.4&#8243; _module_preset=&#8220;default&#8220; global_colors_info=&#8220;{}&#8220;][et_pb_image src=&#8220;https:\/\/msslany.montessorislany.cz\/wp-content\/uploads\/2025\/09\/upscalemedia-transformed.jpeg&#8220; title_text=&#8220;upscalemedia-transformed&#8220; show_bottom_space=&#8220;off&#8220; align=&#8220;center&#8220; _builder_version=&#8220;4.27.4&#8243; _module_preset=&#8220;c66464a9-4034-4ef0-9bd0-baf6f92ccc33&#8243; module_alignment=&#8220;center&#8220; global_colors_info=&#8220;{}&#8220;][\/et_pb_image][\/et_pb_column][et_pb_column type=&#8220;1_2&#8243; _builder_version=&#8220;4.27.4&#8243; _module_preset=&#8220;09f53498-03a9-46b4-a3ef-c830fb5aa5a0&#8243; global_colors_info=&#8220;{}&#8220;][et_pb_heading title=&#8220;Ing. \u0160\u00e1rka rous&#8220; admin_label=&#8220;Heading&#8220; _builder_version=&#8220;4.27.4&#8243; _module_preset=&#8220;754c8f08-a222-4cfd-a872-b8b671ac0305&#8243; locked=&#8220;off&#8220; global_colors_info=&#8220;{}&#8220;][\/et_pb_heading][et_pb_heading title=&#8220;Zakladatelka a z\u00e1stupkyn\u011b \u0159editelky pro mate\u0159skou \u0161kolu&#8220; admin_label=&#8220;Heading&#8220; _builder_version=&#8220;4.27.4&#8243; _module_preset=&#8220;943e9cd1-e38b-4d27-9d97-a2a2660baeb1&#8243; custom_padding=&#8220;||0px||false|false&#8220; global_colors_info=&#8220;{}&#8220;][\/et_pb_heading][et_pb_text admin_label=&#8220;Text&#8220; _builder_version=&#8220;4.27.4&#8243; _module_preset=&#8220;a961405f-56b5-4b7a-aae5-7e2a6cbac043&#8243; custom_margin=&#8220;10px||||false|false&#8220; custom_padding=&#8220;||5px||false|false&#8220; animation_style=&#8220;slide&#8220; locked=&#8220;off&#8220; global_colors_info=&#8220;{}&#8220;]<\/p>\n<p><strong>Zaji\u0161\u0165uje provoz \u0161kolky, komunikuje s\u00a0rodi\u010di a ve\u0159ejnost\u00ed, v\u00a0programu \u0161kolky pracuje jako pedagog a lektor.<\/strong><\/p>\n<p><em>\u201eJsem m\u00e1ma dvou b\u00e1je\u010dn\u00fdch d\u011bt\u00ed Ane\u017eky a Kuby. Poch\u00e1z\u00edm z Orlick\u00fdch hor a nyn\u00ed bydl\u00edm kousek od Slan\u00e9ho. M\u00e1m r\u00e1da pohyb, r\u00e1da \u010dtu, zahradni\u010d\u00edm, cestuji a star\u00e1m se o pohodu domova. Montessori pedagogika m\u011b zaj\u00edmala ji\u017e p\u0159ed narozen\u00edm syna a je mi velmi bl\u00edzk\u00e1. Vid\u00edm, jak d\u011btem napom\u00e1h\u00e1, osvobozuje je, a p\u0159itom jim d\u00e1v\u00e1 velkou m\u00edru zodpov\u011bdnosti. Poskytuje jim vnit\u0159n\u00ed klid a soust\u0159ed\u011bnost na pr\u00e1ci.\u201c<\/em><\/p>\n<p>\u0160\u00e1rka studovala marketing a management a m\u00e1 b\u00fdval\u00e9 pracovn\u00ed zku\u0161enosti v\u00a0tomto oboru. \u00a0S\u00a0narozen\u00edm d\u011bt\u00ed se za\u010dala zaj\u00edmat o jejich vzd\u011bl\u00e1v\u00e1n\u00ed, \u00fapln\u011b zm\u011bnila sv\u00e9 zam\u011bstn\u00e1n\u00ed \u2013\u00a0 vystudovala\u00a0st\u0159edn\u00ed pedagogickou \u0161kolu a\u00a0 Diplomov\u00fd kurz Montessori pro pr\u00e1ci s\u00a0d\u011btmi v\u00a0p\u0159ed\u0161koln\u00edm v\u011bku v\u00a0Montessori \u010cR.\u00a0Absolvovala n\u011bkolik n\u00e1slech\u016f v zahrani\u010dn\u00edch mate\u0159sk\u00fdch \u0161kol\u00e1ch.<\/p>\n<p>[\/et_pb_text][\/et_pb_column][\/et_pb_row][\/et_pb_section][et_pb_section fb_built=&#8220;1&#8243; admin_label=&#8220;Features&#8220; _builder_version=&#8220;4.27.4&#8243; _module_preset=&#8220;default&#8220; collapsed=&#8220;on&#8220; global_colors_info=&#8220;{}&#8220;][et_pb_row column_structure=&#8220;1_2,1_2&#8243; _builder_version=&#8220;4.27.4&#8243; _module_preset=&#8220;default&#8220; global_colors_info=&#8220;{}&#8220;][et_pb_column type=&#8220;1_2&#8243; _builder_version=&#8220;4.27.4&#8243; _module_preset=&#8220;default&#8220; global_colors_info=&#8220;{}&#8220;][et_pb_heading title=&#8220;Praktick\u00e9 Informace&#8220; _builder_version=&#8220;4.27.4&#8243; _module_preset=&#8220;754c8f08-a222-4cfd-a872-b8b671ac0305&#8243; custom_margin=&#8220;||10px||false|false&#8220; global_colors_info=&#8220;{}&#8220;][\/et_pb_heading][et_pb_text _builder_version=&#8220;4.27.4&#8243; _module_preset=&#8220;a961405f-56b5-4b7a-aae5-7e2a6cbac043&#8243; global_colors_info=&#8220;{}&#8220;]<\/p>\n<p><strong>\u0160koln\u00e9<span>\u00a0<\/span><\/strong>za jednoho \u017e\u00e1ka v mate\u0159sk\u00e9 \u0161kole je stanoveno ve v\u00fd\u0161i 3 900 K\u010d za m\u011bs\u00edc, po dobu 10 m\u011bs\u00edc\u016f v roce. V p\u0159\u00edpad\u011b pololetn\u00edch plateb 2 x 19 000 K\u010d, nebo 1 x ro\u010dn\u011b 37 000 K\u010d.<\/p>\n<p><strong>Stravov\u00e1n\u00ed<\/strong>\u00a0d\u011bt\u00ed\u00a0prob\u00edh\u00e1 v budov\u011b \u0161kolky.\u00a0Ob\u011bdy jsou dov\u00e1\u017eeny ze \u0161koln\u00ed j\u00eddelny Na Sadech ve Slan\u00e9m. Platba prob\u00edh\u00e1 formou inkasa na bankovn\u00ed \u00fa\u010det \u0161koly.\u00a0<\/p>\n<p>[\/et_pb_text][\/et_pb_column][et_pb_column type=&#8220;1_2&#8243; _builder_version=&#8220;4.27.4&#8243; _module_preset=&#8220;default&#8220; global_colors_info=&#8220;{}&#8220;][\/et_pb_column][\/et_pb_row][\/et_pb_section]<\/p>\n","protected":false},"excerpt":{"rendered":"<p>Mate\u0159sk\u00e1 \u0161kolka je ur\u010dena pro d\u011bti od 3 let v\u011bku a nab\u00edz\u00ed p\u0159\u00edjemn\u00e9,klidn\u00e9, inspirativn\u00ed a\u00a0podn\u011btn\u00e9 prost\u0159ed\u00ed. Od z\u00e1\u0159\u00ed 2017 je za\u0159azena do s\u00edt\u011b \u0161kolek. M\u00e1me osobn\u00ed a citliv\u00fd p\u0159\u00edstup k\u00a0d\u00edt\u011bti, kter\u00fd respektuje\u00a0jeho\u00a0v\u00fdvoj a je samotn\u00e9.N\u00e1\u0161 den m\u00e1 pravideln\u00fd rytmus, kter\u00fd tvo\u0159\u00ed spole\u010dn\u00e9 aktivity, ne\u0159\u00edzen\u00e1 voln\u00e1 pr\u00e1ce d\u011bt\u00ed a venkovn\u00ed program.D\u011bti pracuj\u00ed s\u00a0Montessori materi\u00e1ly,\u00a0kter\u00e9 podporuj\u00ed objevov\u00e1n\u00ed, [&hellip;]<\/p>\n","protected":false},"author":1,"featured_media":0,"parent":0,"menu_order":0,"comment_status":"closed","ping_status":"closed","template":"","meta":{"_et_pb_use_builder":"on","_et_pb_old_content":"","_et_gb_content_width":"","footnotes":""},"class_list":["post-331","page","type-page","status-publish","hentry"],"post_mailing_queue_ids":[],"_links":{"self":[{"href":"https:\/\/msslany.montessorislany.cz\/index.php?rest_route=\/wp\/v2\/pages\/331","targetHints":{"allow":["GET"]}}],"collection":[{"href":"https:\/\/msslany.montessorislany.cz\/index.php?rest_route=\/wp\/v2\/pages"}],"about":[{"href":"https:\/\/msslany.montessorislany.cz\/index.php?rest_route=\/wp\/v2\/types\/page"}],"author":[{"embeddable":true,"href":"https:\/\/msslany.montessorislany.cz\/index.php?rest_route=\/wp\/v2\/users\/1"}],"replies":[{"embeddable":true,"href":"https:\/\/msslany.montessorislany.cz\/index.php?rest_route=%2Fwp%2Fv2%2Fcomments&post=331"}],"version-history":[{"count":11,"href":"https:\/\/msslany.montessorislany.cz\/index.php?rest_route=\/wp\/v2\/pages\/331\/revisions"}],"predecessor-version":[{"id":992,"href":"https:\/\/msslany.montessorislany.cz\/index.php?rest_route=\/wp\/v2\/pages\/331\/revisions\/992"}],"wp:attachment":[{"href":"https:\/\/msslany.montessorislany.cz\/index.php?rest_route=%2Fwp%2Fv2%2Fmedia&parent=331"}],"curies":[{"name":"wp","href":"https:\/\/api.w.org\/{rel}","templated":true}]}}