{"id":427,"date":"2025-09-21T20:04:18","date_gmt":"2025-09-21T18:04:18","guid":{"rendered":"https:\/\/skolka.montessorislany.cz\/?page_id=427"},"modified":"2025-11-18T12:43:07","modified_gmt":"2025-11-18T11:43:07","slug":"kolektiv","status":"publish","type":"page","link":"https:\/\/msslany.montessorislany.cz\/?page_id=427","title":{"rendered":"Kolektiv"},"content":{"rendered":"<p>[et_pb_section fb_built=&#8220;1&#8243; _builder_version=&#8220;4.27.4&#8243; _module_preset=&#8220;default&#8220; global_colors_info=&#8220;{}&#8220;][et_pb_row column_structure=&#8220;1_2,1_2&#8243; _builder_version=&#8220;4.27.4&#8243; _module_preset=&#8220;default&#8220; global_colors_info=&#8220;{}&#8220;][et_pb_column type=&#8220;1_2&#8243; _builder_version=&#8220;4.27.4&#8243; _module_preset=&#8220;default&#8220; global_colors_info=&#8220;{}&#8220;][et_pb_heading title=&#8220;N\u00e1\u0161 kolektiv&#8220; _builder_version=&#8220;4.27.4&#8243; _module_preset=&#8220;754c8f08-a222-4cfd-a872-b8b671ac0305&#8243; global_colors_info=&#8220;{}&#8220;][\/et_pb_heading][\/et_pb_column][et_pb_column type=&#8220;1_2&#8243; _builder_version=&#8220;4.27.4&#8243; _module_preset=&#8220;default&#8220; global_colors_info=&#8220;{}&#8220;][et_pb_text _builder_version=&#8220;4.27.4&#8243; _module_preset=&#8220;default&#8220; global_colors_info=&#8220;{}&#8220;]<\/p>\n<p>Pro d\u011bti je nesm\u00edrn\u011b d\u016fle\u017eit\u00e9, s k\u00fdm se setk\u00e1vaj\u00ed a kdo je v jejich cest\u011b za pozn\u00e1n\u00edm prov\u00e1z\u00ed. Seznamte se s na\u0161\u00edm kolektivem pr\u016fvodky\u0148 i dal\u0161\u00edho person\u00e1lu<\/p>\n<p>[\/et_pb_text][\/et_pb_column][\/et_pb_row][et_pb_row _builder_version=&#8220;4.27.4&#8243; _module_preset=&#8220;default&#8220; global_colors_info=&#8220;{}&#8220;][et_pb_column type=&#8220;4_4&#8243; _builder_version=&#8220;4.27.4&#8243; _module_preset=&#8220;default&#8220; global_colors_info=&#8220;{}&#8220;][et_pb_team_member name=&#8220;Ing. \u0160\u00e1rka Rous&#8220; position=&#8220;Zakladatelka a z\u00e1stupkyn\u011b \u0159editelky pro mate\u0159skou \u0161kolu&#8220; image_url=&#8220;https:\/\/msslany.montessorislany.cz\/wp-content\/uploads\/2025\/09\/upscalemedia-transformed.jpeg&#8220; _builder_version=&#8220;4.27.4&#8243; _module_preset=&#8220;default&#8220; global_colors_info=&#8220;{}&#8220;]<\/p>\n<p><strong>Zaji\u0161\u0165uje provoz \u0161kolky, komunikuje s rodi\u010di a ve\u0159ejnost\u00ed, v programu \u0161kolky pracuje jako pedagog a lektor.<\/strong><\/p>\n<p><em>\u201eJsem m\u00e1ma dvou b\u00e1je\u010dn\u00fdch d\u011bt\u00ed Ane\u017eky a Kuby. Poch\u00e1z\u00edm z Orlick\u00fdch hor a nyn\u00ed bydl\u00edm kousek od Slan\u00e9ho. M\u00e1m r\u00e1da pohyb, r\u00e1da \u010dtu, zahradni\u010d\u00edm, cestuji a star\u00e1m se o pohodu domova. Montessori pedagogika m\u011b zaj\u00edmala ji\u017e p\u0159ed narozen\u00edm syna a je mi velmi bl\u00edzk\u00e1. Vid\u00edm, jak d\u011btem napom\u00e1h\u00e1, osvobozuje je, a p\u0159itom jim d\u00e1v\u00e1 velkou m\u00edru zodpov\u011bdnosti. Poskytuje jim vnit\u0159n\u00ed klid a soust\u0159ed\u011bnost na pr\u00e1ci.\u201c<\/em><\/p>\n<p>\u0160\u00e1rka studovala marketing a management a m\u00e1 b\u00fdval\u00e9 pracovn\u00ed zku\u0161enosti v tomto oboru. S narozen\u00edm d\u011bt\u00ed se za\u010dala zaj\u00edmat o jejich vzd\u011bl\u00e1v\u00e1n\u00ed, \u00fapln\u011b zm\u011bnila sv\u00e9 zam\u011bstn\u00e1n\u00ed \u2013 vystudovala st\u0159edn\u00ed pedagogickou \u0161kolu a Diplomov\u00fd kurz Montessori pro pr\u00e1ci s d\u011btmi v p\u0159ed\u0161koln\u00edm v\u011bku v Montessori \u010cR. Absolvovala n\u011bkolik n\u00e1slech\u016f v zahrani\u010dn\u00edch mate\u0159sk\u00fdch \u0161kol\u00e1ch.<\/p>\n<p>[\/et_pb_team_member][et_pb_team_member name=&#8220;Mgr. Tereza Hor\u00e1kov\u00e1 Rand\u00e1kov\u00e1&#8220; position=&#8220;Pedagog v mate\u0159sk\u00e9 \u0161kole &#8211; AKTU\u00c1LN\u011a NA MATE\u0158SK\u00c9 DOVOLEN\u00c9&#8220; image_url=&#8220;https:\/\/msslany.montessorislany.cz\/wp-content\/uploads\/2025\/09\/Tereza_2.jpeg&#8220; _builder_version=&#8220;4.27.4&#8243; _module_preset=&#8220;default&#8220; child_filter_saturate=&#8220;0%&#8220; global_colors_info=&#8220;{}&#8220;]<\/p>\n<p><strong>Pe\u010duje o p\u0159ipraven\u00e9 prost\u0159ed\u00ed, je metodikem pedagogick\u00e9 pr\u00e1ce podle Montessori programu.<\/strong><\/p>\n<p><em>\u201eR\u00e1da vyr\u00e1b\u00edm a tvo\u0159\u00edm, hraju na saxofon, fotografuji, cestuji a pozn\u00e1v\u00e1m lidskou i p\u0159\u00edrodn\u00ed rozmanitost. D\u011bti jsou pro mne velk\u00fdmi u\u010diteli. U\u010d\u00ed m\u011b b\u00fdt bd\u011blou, b\u00fdt tady a te\u010f. Spole\u010dn\u011b s nimi piluji svou trp\u011blivost, pe\u010dlivost, komunikaci a empatii. R\u00e1da je prov\u00e1z\u00edm na cest\u011b k objevov\u00e1n\u00ed sebe sama, ale i sv\u011bta kolem n\u00e1s. Bav\u00ed m\u011b spole\u010dn\u011b \u017easnout nad mali\u010dkostmi i velk\u00fdmi v\u011bcmi.\u201c<\/em><\/p>\n<p>Tereza studovala st\u0159edn\u00ed pedagogickou \u0161kolu a v r. 2017 dokon\u010dila studium Soci\u00e1ln\u00ed antropologie na Univerzit\u011b v Pardubic\u00edch. M\u00e1 pedagogick\u00e9 zku\u0161enosti v mate\u0159sk\u00e9 \u0161kole v Kladn\u011b, kde pozn\u00e1vala program Montessori a v Libu\u0161\u00edn\u011b, kde zakl\u00e1dala t\u0159\u00eddu s Montessori prvky. Je absolventkou Mezin\u00e1rodn\u00edho Montessori kurzu s akreditac\u00ed AMI pro pr\u00e1ci s d\u011btmi p\u0159ed\u0161koln\u00edho v\u011bku a N\u00e1rodn\u00edho Montessori kurzu pro pr\u00e1ci s d\u011btmi od narozen\u00ed do t\u0159\u00ed let. Z\u00edsk\u00e1v\u00e1 dal\u0161\u00ed informace v Montessori vzd\u011bl\u00e1vac\u00edch programech a zku\u0161enosti v r\u00e1mci zahrani\u010dn\u00edch n\u00e1slech\u016f v Montessori za\u0159\u00edzen\u00edch.<\/p>\n<p>[\/et_pb_team_member][et_pb_team_member name=&#8220;Mgr. Karol\u00edna Fenclov\u00e1&#8220; position=&#8220;Pedagog v M\u0160&#8220; image_url=&#8220;https:\/\/msslany.montessorislany.cz\/wp-content\/uploads\/2025\/09\/Karolina_Fenclova-MS-Slany.jpg&#8220; _builder_version=&#8220;4.27.4&#8243; _module_preset=&#8220;default&#8220; global_colors_info=&#8220;{}&#8220;]<\/p>\n<p><em>\u201eSv\u016fj voln\u00fd \u010das se sna\u017e\u00edm tr\u00e1vit p\u0159edev\u0161\u00edm s rodinou, se sv\u00fdmi t\u0159emi d\u011btmi, se kter\u00fdmi vyr\u00e1\u017e\u00edme na v\u00fdlety nebo si u\u017e\u00edv\u00e1me voln\u00fd \u010das doma. V\u011bnuji se sportu, konkr\u00e9tn\u011b volejbalu, stejn\u011b jako moje dv\u011b dcery, proto t\u00edmto sportem tr\u00e1v\u00edme hodn\u011b \u010dasu. Tak\u00e9 r\u00e1da vyr\u00e1b\u00edm, \u010dtu nebo se v\u011bnuji pr\u00e1ci na zahrad\u011b a doma. S Montessori pedagogikou jsem se poprv\u00e9 setkala p\u0159i studiu na vysok\u00e9 \u0161kole a nyn\u00ed se sna\u017e\u00edm hloub\u011bji proniknout do jej\u00ed filozofie a roz\u0161\u00ed\u0159it si vzd\u011bl\u00e1n\u00ed ve v\u0161ech jejich oblastech.\u201c<\/em><\/p>\n<p>Karol\u00edna studovala na Karlov\u011b univerzit\u011b v Praze bakal\u00e1\u0159sk\u00fd obor U\u010ditelstv\u00ed pro M\u0160 a n\u00e1sledn\u011b magistersk\u00fd obor P\u0159ed\u0161koln\u00ed pedagogika. M\u00e1 praxi jako u\u010ditelka v mate\u0159sk\u00e9 \u0161kole a jako asistent pedagoga na 1. stupni z\u00e1kladn\u00ed \u0161koly. Sv\u00e9 vzd\u011bl\u00e1v\u00e1n\u00ed si bude v pr\u016fb\u011bhu dal\u0161\u00edho \u0161koln\u00edho roku dopl\u0148ovat o Montessori pedagogiku.<\/p>\n<p>[\/et_pb_team_member][et_pb_team_member name=&#8220;Krist\u00fdna Kub\u00e1tov\u00e1&#8220; position=&#8220;Pedagog v M\u0160&#8220; image_url=&#8220;https:\/\/msslany.montessorislany.cz\/wp-content\/uploads\/2025\/09\/Kristyna_Kubatova-MS-Slany.jpg&#8220; _builder_version=&#8220;4.27.4&#8243; _module_preset=&#8220;default&#8220; global_colors_info=&#8220;{}&#8220;]<\/p>\n<p><em>\u201ePr\u00e1ce s d\u011btmi m\u011b napl\u0148uje. M\u00e1m r\u00e1da jejich bezprost\u0159ednost, zv\u00eddavost a p\u0159\u00edtomnost. Bav\u00ed m\u011b b\u00fdt pr\u016fvodkyn\u00ed \u2013 ne tou, kter\u00e1 diktuje sm\u011br, ale tou, kter\u00e1 jde vedle d\u011bt\u00ed, vn\u00edm\u00e1 jejich tempo a podporuje je. Mou nejv\u011bt\u0161\u00ed v\u00e1\u0161n\u00ed je sport a pohyb celkov\u011b. A\u0165 u\u017e na \u010derstv\u00e9m vzduchu v m\u00fdch milovan\u00fdch Kru\u0161n\u00fdch hor\u00e1ch nebo mezi t\u011b\u017ek\u00fdmi \u017eelezn\u00fdmi stroji ve fitness centru.\u201c<\/em><\/p>\n<p>Krist\u00fdna vystudovala Gymn\u00e1zium V\u00e1clava Hlavat\u00e9ho v Lounech. S nad\u0161en\u00edm prov\u00e1zela d\u011bti sv\u011btem druh\u00e9ho stupn\u011b z\u00e1kladn\u00ed \u0161koly, kde je uv\u00e1d\u011bla do taj\u016f n\u011bmeck\u00e9ho a \u010desk\u00e9ho jazyka. N\u011bkolik let soukrom\u011b dou\u010dovala a p\u0159ipravovala \u017e\u00e1ky na p\u0159ij\u00edmac\u00ed zkou\u0161ky na st\u0159edn\u00ed \u0161koly \u010di maturitn\u00ed zkou\u0161ku. Sv\u00e9 vzd\u011bl\u00e1n\u00ed si bude od roku 2025 dopl\u0148ovat o Montessori pedagogiku a tak\u00e9 o P\u0159ed\u0161koln\u00ed a mimo\u0161koln\u00ed pedagogiku na VO\u0160 Evropsk\u00e1.<\/p>\n<p>[\/et_pb_team_member][et_pb_team_member name=&#8220;Mgr. Petra Hrn\u010d\u00ed\u0159ov\u00e1&#8220; position=&#8220;Pedagog v M\u0160&#8220; image_url=&#8220;https:\/\/msslany.montessorislany.cz\/wp-content\/uploads\/2025\/09\/upscalemedia-transformed.png&#8220; _builder_version=&#8220;4.27.4&#8243; _module_preset=&#8220;default&#8220; global_colors_info=&#8220;{}&#8220;]<\/p>\n<p><em>\u201e\u017divotem mne prov\u00e1z\u00ed hudba a zp\u011bv. Hraji na housle a drobn\u00e9 n\u00e1stroje, kde mn\u011b zaj\u00edm\u00e1 hlavn\u011b terapeutick\u00fd p\u0159esah. Um\u011bn\u00ed a kr\u00e1sno mne napl\u0148uje radost\u00ed, stejn\u011b jako pobyt v p\u0159\u00edrod\u011b. B\u011bhem kurzu Montessori pedagogiky jsem za\u017eila spoustu aha moment\u016f. S man\u017eelem m\u00e1me dohromady t\u0159i skv\u011bl\u00e9 d\u011bti, r\u00e1di spole\u010dn\u011b cestujeme.&#8220;<\/em><\/p>\n<p>Petra vystudovala p\u0159ed\u0161koln\u00ed a mimo\u0161koln\u00ed pedagogickou \u0161kolu v Litom\u011b\u0159ic\u00edch a vychovatelstv\u00ed se speci\u00e1ln\u00ed pedagogikou na PF UJEP. Po studiu pracovala jako u\u010ditelka v M\u0160, ale n\u00e1sledn\u011b se v\u011bnovala v\u00edce ne\u017e p\u011bt let lidem s posti\u017een\u00edm v muzikoterapeutick\u00e9m centru a snoezelenu. Na mate\u0159sk\u00e9 dovolen\u00e9 vedla krou\u017eky pro rodi\u010de s d\u011btmi a zalo\u017eila spolek Divozem\u011b, o.s. lesn\u00ed klub. Petra pro\u0161la Montessori celoro\u010dn\u00edm vzd\u011bl\u00e1v\u00e1n\u00edm pro v\u011bk 3-6let pod veden\u00edm Mgr.Dity Dlouh\u00e9.\u201c<\/p>\n<p>[\/et_pb_team_member][et_pb_team_member name=&#8220;Bc. Barbora Ku\u010derov\u00e1&#8220; position=&#8220;Pedagog v M\u0160. &#8211; DLOUHODOB\u011a INDISPONOVAN\u00c1&#8220; image_url=&#8220;https:\/\/msslany.montessorislany.cz\/wp-content\/uploads\/2025\/09\/Barbora_Kucerova-MS-Slany.jpg&#8220; _builder_version=&#8220;4.27.4&#8243; _module_preset=&#8220;default&#8220; child_filter_saturate=&#8220;0%&#8220; global_colors_info=&#8220;{}&#8220;]<\/p>\n<p><em>\u201eVe sv\u00e9m voln\u00e9m \u010dase se v\u011bnuji j\u00f3ze, b\u011bh\u00e1n\u00ed, \u010detb\u011b, cestovan\u00ed, tr\u00e1ven\u00ed \u010dasu v p\u0159\u00edrod\u011b a chv\u00edl\u00edm s rodinou. Tyto aktivity mi p\u0159in\u00e1\u0161ej\u00ed klid, radost a propojen\u00ed se sebou i okoln\u00edm sv\u011btem. Pr\u00e1ce s d\u011btmi m\u011b bav\u00ed ji\u017e od mali\u010dka a s p\u0159ib\u00fdvaj\u00edc\u00edmi roky v n\u00ed nach\u00e1z\u00edm st\u00e1le v\u011bt\u0161\u00ed smysl. S Montessori pedagogikou jsem m\u011bla mo\u017enost se sezn\u00e1mit ji\u017e na st\u0159edn\u00ed \u0161kole a jsem r\u00e1da, \u017ee m\u011b m\u00e9 cesty p\u0159ivedly t\u00edmto sm\u011brem.\u201c<\/em><\/p>\n<p>Vystudovala st\u0159edn\u00ed pedagogickou \u0161kolu v Beroun\u011b, obor p\u0159ed\u0161koln\u00ed a mimo\u0161koln\u00ed pedagogika. B\u011bhem prax\u00ed na st\u0159edn\u00ed \u0161kole m\u011bla mo\u017enost se okrajov\u011b sezn\u00e1mit s programem Montessori. Dva roky p\u016fsobila jako Au-pair v zahrani\u010d\u00ed. Pot\u00e9 se v\u011bnovala studiu marketingov\u00e9 komunikace na vysok\u00e9 \u0161kole. V oblasti p\u0159ed\u0161koln\u00ed v\u00fdchovy p\u016fsob\u00ed ji\u017e od roku 2018. Montessori vzd\u011bl\u00e1n\u00ed si pr\u016fb\u011b\u017en\u011b dopl\u0148uje na Montessori semin\u00e1\u0159\u00edch lektorky Mgr. Dity Dlouh\u00e9.<\/p>\n<p>[\/et_pb_team_member][et_pb_team_member name=&#8220;Ing. Sylva Ni\u010dov\u00e1&#8220; position=&#8220;Asistentka v M\u0160&#8220; image_url=&#8220;https:\/\/msslany.montessorislany.cz\/wp-content\/uploads\/2025\/09\/Sylva_Nicova-MS-Slany.jpg&#8220; _builder_version=&#8220;4.27.4&#8243; _module_preset=&#8220;default&#8220; global_colors_info=&#8220;{}&#8220;]<\/p>\n<p><em>&#8222;M\u016fj cel\u00fd \u017eivot se to\u010d\u00ed okolo d\u011bt\u00ed, kter\u00e9 mne inspiruj\u00ed a st\u00e1le n\u011b\u010d\u00edm p\u0159ekvapuj\u00ed. I kdy\u017e jsem vystudovala vysokou \u0161kolu technick\u00e9ho sm\u011bru, v\u017edy mne to k nim t\u00e1hlo. Kdy\u017e se mi naskytla p\u0159\u00edle\u017eitost pod\u00edvat se do Montessori \u0161kolky &#8211; zdej\u0161\u00ed prost\u0159ed\u00ed a atmosf\u00e9ra mne okouzlila. Jsem r\u00e1da, \u017ee m\u016f\u017eu b\u00fdt sou\u010d\u00e1st\u00ed tohoto t\u00fdmu a prov\u00e1zet d\u011bti p\u0159i objevov\u00e1n\u00ed taj\u016f \u017eivota a sledovat jejich pokroky. Bav\u00ed mne pro n\u011b vym\u00fd\u0161let sva\u010dinky a roz\u0161i\u0159ovat citlivost jejich chu\u0165ov\u00fdch poh\u00e1rk\u016f. R\u00e1da zp\u00edv\u00e1m, tancuji a hraji na klav\u00edr. Nov\u00fdm kon\u00ed\u010dkem se mi v M\u0160 stalo zahradni\u010den\u00ed. Souzn\u00edm s my\u0161lenkou Marie Montessori : \u201c Soust\u0159e\u010fte se na rozvoj toho dobr\u00e9ho v d\u00edt\u011bti, aby pro to \u0161patn\u00e9 nezbylo m\u00edsto.\u201d<\/em><\/p>\n<p>Sylva vystudovala vysokou \u0161kolu V\u0160CHT obor silik\u00e1ty. Po zku\u0161enosti jako au-pair v Anglii a narozen\u00ed sv\u00e9 dcery se rozhodla v\u011bnovat se d\u011btem i ve sv\u00e9 kari\u00e9rn\u011b. Vystudovala si pedagogick\u00e9 minimum, kurz asistenta pedagoga a kurz prim\u00e1rn\u00ed logopedick\u00e9 prevence. N\u011bkolik let pracovala jako asistentkou pedagoga v M\u0160 s programem \u201c Za\u010d\u00edt spolu\u201d. Montessori vzd\u011bl\u00e1n\u00ed si pr\u016fb\u011b\u017en\u011b dopl\u0148uje na Montessori semin\u00e1\u0159\u00edch lektorky Mgr. Dity Dlouh\u00e9. Sylva je tak\u00e9 pr\u016fvodkyn\u011b v Baby klubu pro d\u011bti a rodi\u010de ve Slan\u00e9m a cvi\u010ditelkou mlad\u0161\u00edch \u017e\u00e1ky\u0148 v Sokole.<\/p>\n<p>[\/et_pb_team_member][et_pb_team_member name=&#8220;Ing. Alena Rokov\u00e1&#8220; position=&#8220;lektorkou anglick\u00e9ho jazyka v na\u0161\u00ed M\u0160&#8220; image_url=&#8220;https:\/\/msslany.montessorislany.cz\/wp-content\/uploads\/2025\/09\/Alena_Rokova-MS-Slany.jpg&#8220; _builder_version=&#8220;4.27.4&#8243; _module_preset=&#8220;default&#8220; global_colors_info=&#8220;{}&#8220;]<\/p>\n<p><em>&#8222;S kocourkem Cookie spole\u010dn\u011b objevujeme sv\u011bt kolem n\u00e1s v anglick\u00e9m jazyce. Na d\u011bti \u010dekaj\u00ed hodiny pln\u00e9 her, p\u00edsni\u010dek a p\u0159\u00edb\u011bh\u016f. V\u00fdukov\u00fd program Cookie and Friends vych\u00e1z\u00ed z pot\u0159eb p\u0159ed\u0161koln\u00edch d\u011bt\u00ed, a to zejm\u00e9na z pot\u0159eb u\u010dit se nov\u00fdm v\u011bcem b\u011bhem \u010dinnost\u00ed, kter\u00e9 jsou pro n\u011b p\u0159irozen\u00e9.&#8220;<\/em><\/p>\n<p>Alena pracuje v mal\u00fdch skupink\u00e1ch. Sna\u017e\u00ed se s d\u011btmi co nejv\u00edce mluvit. B\u011bhem lekc\u00ed vyu\u017e\u00edv\u00e1 pohyb se zapojen\u00edm p\u00edsni\u010dek, b\u00e1sni\u010dek i \u0159\u00edkadel. Alen\u010diny anglick\u00e9 lekce jsou mezi d\u011btmi velmi obl\u00edben\u00e9. Alenka je v\u00fdkonnou \u0159editelkou ve vzd\u011bl\u00e1vac\u00ed organizaci H2ospoda\u0159, kter\u00e1 se zam\u011b\u0159uje na osv\u011btu \u0161etrn\u00e9ho zach\u00e1zen\u00ed s vodou. Vystudovala ekonomii, management na Z\u010cU a pedagogick\u00e9 vzd\u011bl\u00e1n\u00ed si doplnila na VO\u0160 Svatoj\u00e1nsk\u00e1 kolej.<\/p>\n<p>[\/et_pb_team_member][et_pb_team_member name=&#8220;Helena Sta\u0148kov\u00e1&#8220; position=&#8220;Provozn\u00ed v M\u0160&#8220; image_url=&#8220;data:image\/svg+xml;base64,PHN2ZyB3aWR0aD0iNTAwIiBoZWlnaHQ9IjUwMCIgdmlld0JveD0iMCAwIDUwMCA1MDAiIHhtbG5zPSJodHRwOi8vd3d3LnczLm9yZy8yMDAwL3N2ZyI+CiAgICA8ZyBmaWxsPSJub25lIiBmaWxsLXJ1bGU9ImV2ZW5vZGQiPgogICAgICAgIDxwYXRoIGZpbGw9IiNFQkVCRUIiIGQ9Ik0wIDBoNTAwdjUwMEgweiIvPgogICAgICAgIDxyZWN0IGZpbGwtb3BhY2l0eT0iLjEiIGZpbGw9IiMwMDAiIHg9IjY4IiB5PSIzMDUiIHdpZHRoPSIzNjQiIGhlaWdodD0iNTY4IiByeD0iMTgyIi8+CiAgICAgICAgPGNpcmNsZSBmaWxsLW9wYWNpdHk9Ii4xIiBmaWxsPSIjMDAwIiBjeD0iMjQ5IiBjeT0iMTcyIiByPSIxMDAiLz4KICAgIDwvZz4KPC9zdmc+Cg==&#8220; _builder_version=&#8220;4.27.4&#8243; _module_preset=&#8220;default&#8220; global_colors_info=&#8220;{}&#8220;]<\/p>\n<p>Helena pe\u010duje o \u010distotu v na\u0161\u00ed \u0161kolce. Od roku 2024 n\u00e1m tak\u00e9 vypom\u00e1h\u00e1 v \u010dase ob\u011bd\u016f jako hospodyn\u011b.<br \/>D\u011bti si ji velmi obl\u00edbily a maj\u00ed ji spojenou s \u201epan\u00ed, kter\u00e1 pro n\u011b m\u00e1 v\u017edy dobr\u00fd ob\u011bd\u201c.<\/p>\n<p>[\/et_pb_team_member][\/et_pb_column][\/et_pb_row][\/et_pb_section]<\/p>\n","protected":false},"excerpt":{"rendered":"<p>Pro d\u011bti je nesm\u00edrn\u011b d\u016fle\u017eit\u00e9, s k\u00fdm se setk\u00e1vaj\u00ed a kdo je v jejich cest\u011b za pozn\u00e1n\u00edm prov\u00e1z\u00ed. Seznamte se s na\u0161\u00edm kolektivem pr\u016fvodky\u0148 i dal\u0161\u00edho person\u00e1luZaji\u0161\u0165uje provoz \u0161kolky, komunikuje s rodi\u010di a ve\u0159ejnost\u00ed, v programu \u0161kolky pracuje jako pedagog a lektor. \u201eJsem m\u00e1ma dvou b\u00e1je\u010dn\u00fdch d\u011bt\u00ed Ane\u017eky a Kuby. Poch\u00e1z\u00edm z Orlick\u00fdch hor a [&hellip;]<\/p>\n","protected":false},"author":1,"featured_media":0,"parent":0,"menu_order":0,"comment_status":"closed","ping_status":"closed","template":"","meta":{"_et_pb_use_builder":"on","_et_pb_old_content":"","_et_gb_content_width":"","footnotes":""},"class_list":["post-427","page","type-page","status-publish","hentry"],"post_mailing_queue_ids":[],"_links":{"self":[{"href":"https:\/\/msslany.montessorislany.cz\/index.php?rest_route=\/wp\/v2\/pages\/427","targetHints":{"allow":["GET"]}}],"collection":[{"href":"https:\/\/msslany.montessorislany.cz\/index.php?rest_route=\/wp\/v2\/pages"}],"about":[{"href":"https:\/\/msslany.montessorislany.cz\/index.php?rest_route=\/wp\/v2\/types\/page"}],"author":[{"embeddable":true,"href":"https:\/\/msslany.montessorislany.cz\/index.php?rest_route=\/wp\/v2\/users\/1"}],"replies":[{"embeddable":true,"href":"https:\/\/msslany.montessorislany.cz\/index.php?rest_route=%2Fwp%2Fv2%2Fcomments&post=427"}],"version-history":[{"count":5,"href":"https:\/\/msslany.montessorislany.cz\/index.php?rest_route=\/wp\/v2\/pages\/427\/revisions"}],"predecessor-version":[{"id":991,"href":"https:\/\/msslany.montessorislany.cz\/index.php?rest_route=\/wp\/v2\/pages\/427\/revisions\/991"}],"wp:attachment":[{"href":"https:\/\/msslany.montessorislany.cz\/index.php?rest_route=%2Fwp%2Fv2%2Fmedia&parent=427"}],"curies":[{"name":"wp","href":"https:\/\/api.w.org\/{rel}","templated":true}]}}