{"id":519,"date":"2025-09-21T23:39:57","date_gmt":"2025-09-21T21:39:57","guid":{"rendered":"https:\/\/skolka.montessorislany.cz\/?page_id=519"},"modified":"2025-09-21T23:39:57","modified_gmt":"2025-09-21T21:39:57","slug":"o-nas","status":"publish","type":"page","link":"https:\/\/msslany.montessorislany.cz\/?page_id=519","title":{"rendered":"O n\u00e1s"},"content":{"rendered":"<p>[et_pb_section fb_built=&#8220;1&#8243; theme_builder_area=&#8220;post_content&#8220; _builder_version=&#8220;4.27.4&#8243; _module_preset=&#8220;default&#8220;][et_pb_row _builder_version=&#8220;4.27.4&#8243; _module_preset=&#8220;default&#8220; theme_builder_area=&#8220;post_content&#8220;][et_pb_column _builder_version=&#8220;4.27.4&#8243; _module_preset=&#8220;default&#8220; type=&#8220;4_4&#8243; theme_builder_area=&#8220;post_content&#8220;][et_pb_heading title=&#8220;O n\u00e1s&#8220; _builder_version=&#8220;4.27.4&#8243; _module_preset=&#8220;754c8f08-a222-4cfd-a872-b8b671ac0305&#8243; theme_builder_area=&#8220;post_content&#8220; hover_enabled=&#8220;0&#8243; sticky_enabled=&#8220;0&#8243;][\/et_pb_heading][et_pb_text _builder_version=&#8220;4.27.4&#8243; _module_preset=&#8220;default&#8220; theme_builder_area=&#8220;post_content&#8220; hover_enabled=&#8220;0&#8243; sticky_enabled=&#8220;0&#8243;]<\/p>\n<p>Mate\u0159sk\u00e1 \u0161kolka je ur\u010dena pro d\u011bti od 3 let v\u011bku a nab\u00edz\u00ed p\u0159\u00edjemn\u00e9,klidn\u00e9, inspirativn\u00ed a podn\u011btn\u00e9 prost\u0159ed\u00ed.<\/p>\n<p>Od z\u00e1\u0159\u00ed 2017 je za\u0159azena do s\u00edt\u011b \u0161kolek.<\/p>\n<p>M\u00e1me osobn\u00ed a citliv\u00fd p\u0159\u00edstup k d\u00edt\u011bti, kter\u00fd respektuje jeho v\u00fdvoj a je samotn\u00e9.<br \/>N\u00e1\u0161 den m\u00e1 pravideln\u00fd rytmus, kter\u00fd tvo\u0159\u00ed spole\u010dn\u00e9 aktivity, ne\u0159\u00edzen\u00e1 voln\u00e1 pr\u00e1ce d\u011bt\u00ed a venkovn\u00ed program.<\/p>\n<p>D\u011bti pracuj\u00ed s Montessori materi\u00e1ly, kter\u00e9 podporuj\u00ed objevov\u00e1n\u00ed, t\u0159\u00edd\u011bn\u00ed a uspo\u0159\u00e1d\u00e1n\u00ed informac\u00ed, my\u0161len\u00ed a celkov\u011b p\u0159\u00edpravu na \u0161kolu a na \u017eivot.<\/p>\n<p>Program v mate\u0159sk\u00e9 \u0161kole je zam\u011b\u0159en na praktick\u00e9 \u010dinnosti<br \/>(kuchy\u0148ka, d\u00edlna, zahrada, rukod\u011bln\u00e9 pr\u00e1ce),<br \/>rozvoj smyslov\u00e9ho vn\u00edm\u00e1n\u00ed, podle z\u00e1jmu d\u011bt\u00ed na \u010dten\u00ed, psan\u00ed, matematiku a jednoduchou v\u011bdu.<\/p>\n<p>D\u011bti pracuj\u00ed spole\u010dn\u011b ve v\u011bkov\u011b sm\u00ed\u0161en\u00e9 t\u0159\u00edd\u011b. Kapacita \u0161kolky je p\u0159ipravena pro mal\u00fd kolektiv kolem dvaceti d\u011bt\u00ed.<\/p>\n<p>Materi\u00e1ly a pom\u016fcky jsou v n\u00edzk\u00fdch otev\u0159en\u00fdch polic\u00edch, aby si d\u011bti na v\u0161e dos\u00e1hly samy. Ka\u017ed\u00fd den se spole\u010dn\u011b sejdeme v komunitn\u00edm kruhu \u2013 pov\u00edd\u00e1me si, zp\u00edv\u00e1me, m\u00e1me pohybov\u00e1 cvi\u010den\u00ed.<\/p>\n<p>Denn\u011b chod\u00edme ven &#8211; na h\u0159i\u0161t\u011b, na zahr\u00e1dku nebo do p\u0159\u00edrody. <br \/>Tvo\u0159\u00edme, malujeme zp\u00edv\u00e1me, vyr\u00e1b\u00edme, va\u0159\u00edme a pe\u010deme.<br \/>Ve \u0161kolce m\u00e1me v\u017edy n\u011bjak\u00e9 zv\u00ed\u0159\u00e1tko, o kter\u00e9 se d\u011bti staraj\u00ed (mor\u010de, kr\u00e1l\u00edka).<\/p>\n<p>D\u011bti se u\u010d\u00ed dodr\u017eovat pravidla pot\u0159ebn\u00e1 pro pr\u00e1ci v kolektivu:<\/p>\n<p>m\u016f\u017eu si vybrat, p\u0159i pr\u00e1ci m\u00e1m svoje m\u00edsto<br \/>kdy\u017e skon\u010d\u00edm \u010dinnost, v\u0161echno zase uklid\u00edm a pak si vezmu n\u011bco dal\u0161\u00edho<br \/>kdy\u017e d\u011bl\u00e1m v\u011bci tak, jak nejl\u00e9pe um\u00edm, u\u017eiju si radost z toho, jak mi to jde<br \/>\u010dinnosti se dokon\u010duj\u00ed<br \/>neru\u0161\u00edm druh\u00e9 v jejich pr\u00e1ci<\/p>\n<p>D\u011bti se u\u010d\u00ed pro radost ze sv\u00e9ho vlastn\u00edho pokroku <br \/>\u2013 cht\u011bj\u00ed TO prost\u011b objevit a um\u011bt.<\/p>\n<p>U\u010d\u00ed se spolupracovat s ostatn\u00edmi \u2013 b\u00fdt r\u00e1dci a pomocn\u00edky<br \/>n\u011bkoho druh\u00e9ho \u2013 to je p\u0159irozen\u00fd \u00fasp\u011bch.<\/p>\n<p>Praktick\u00e9 \u010dinnosti vedou d\u011bti k dovednosti sebeobsluhy<br \/>a p\u00e9\u010de o prost\u0159ed\u00ed i o druh\u00e9 \u2013 a tak roste z\u00e1jem o jejich okol\u00ed,<br \/>ale i jejich sebev\u011bdom\u00ed :<\/p>\n<p>\u201eJ\u00e1 to dok\u00e1\u017eu samo!\u201c<\/p>\n<p>&nbsp;<\/p>\n<p>Praktick\u00e9 informace:<\/p>\n<p>\u0160koln\u00e9 za jednoho \u017e\u00e1ka v mate\u0159sk\u00e9 \u0161kole je stanoveno ve v\u00fd\u0161i 3 900 K\u010d za m\u011bs\u00edc po dobu 10 m\u011bs\u00edc\u016f v roce. V p\u0159\u00edpad\u011b pololetn\u00edch plateb 2 x 19 000 K\u010d, nebo 1 x ro\u010dn\u011b 37 000 K\u010d.<\/p>\n<p>Stravov\u00e1n\u00ed d\u011bt\u00ed prob\u00edh\u00e1 v budov\u011b \u0161kolky. Ob\u011bdy jsou dov\u00e1\u017eeny ze \u0161koln\u00ed j\u00eddelny Na Sadech ve Slan\u00e9m. Platba prob\u00edh\u00e1 formou inkasa na bankovn\u00ed \u00fa\u010det \u0161koly.<\/p>\n<p>[\/et_pb_text][\/et_pb_column][\/et_pb_row][et_pb_row _builder_version=&#8220;4.27.4&#8243; _module_preset=&#8220;default&#8220; theme_builder_area=&#8220;post_content&#8220; column_structure=&#8220;1_3,1_3,1_3&#8243;][et_pb_column _builder_version=&#8220;4.27.4&#8243; _module_preset=&#8220;default&#8220; type=&#8220;1_3&#8243; theme_builder_area=&#8220;post_content&#8220;][et_pb_button button_text=&#8220;Fotogalerie&#8220; _builder_version=&#8220;4.27.4&#8243; _module_preset=&#8220;default&#8220; theme_builder_area=&#8220;post_content&#8220; button_alignment=&#8220;center&#8220; hover_enabled=&#8220;0&#8243; sticky_enabled=&#8220;0&#8243; button_url=&#8220;@ET-DC@eyJkeW5hbWljIjp0cnVlLCJjb250ZW50IjoicG9zdF9saW5rX3VybF9wYWdlIiwic2V0dGluZ3MiOnsicG9zdF9pZCI6IjQwMSJ9fQ==@&#8220; _dynamic_attributes=&#8220;button_url&#8220;][\/et_pb_button][\/et_pb_column][et_pb_column _builder_version=&#8220;4.27.4&#8243; _module_preset=&#8220;default&#8220; type=&#8220;1_3&#8243; theme_builder_area=&#8220;post_content&#8220;][et_pb_button button_text=&#8220;Kolektiv&#8220; _builder_version=&#8220;4.27.4&#8243; _module_preset=&#8220;default&#8220; theme_builder_area=&#8220;post_content&#8220; button_alignment=&#8220;center&#8220; hover_enabled=&#8220;0&#8243; sticky_enabled=&#8220;0&#8243; button_url=&#8220;@ET-DC@eyJkeW5hbWljIjp0cnVlLCJjb250ZW50IjoicG9zdF9saW5rX3VybF9wYWdlIiwic2V0dGluZ3MiOnsicG9zdF9pZCI6IjQyNyJ9fQ==@&#8220; _dynamic_attributes=&#8220;button_url&#8220;][\/et_pb_button][\/et_pb_column][et_pb_column _builder_version=&#8220;4.27.4&#8243; _module_preset=&#8220;default&#8220; type=&#8220;1_3&#8243; theme_builder_area=&#8220;post_content&#8220;][et_pb_button button_text=&#8220;Kontakt&#8220; _builder_version=&#8220;4.27.4&#8243; _module_preset=&#8220;default&#8220; theme_builder_area=&#8220;post_content&#8220; button_alignment=&#8220;center&#8220; hover_enabled=&#8220;0&#8243; sticky_enabled=&#8220;0&#8243; _dynamic_attributes=&#8220;button_url&#8220; button_url=&#8220;@ET-DC@eyJkeW5hbWljIjp0cnVlLCJjb250ZW50IjoicG9zdF9saW5rX3VybF9wYWdlIiwic2V0dGluZ3MiOnsicG9zdF9pZCI6IjMzNyJ9fQ==@&#8220;][\/et_pb_button][\/et_pb_column][\/et_pb_row][\/et_pb_section]<\/p>\n","protected":false},"excerpt":{"rendered":"<p>Mate\u0159sk\u00e1 \u0161kolka je ur\u010dena pro d\u011bti od 3 let v\u011bku a nab\u00edz\u00ed p\u0159\u00edjemn\u00e9,klidn\u00e9, inspirativn\u00ed a podn\u011btn\u00e9 prost\u0159ed\u00ed. Od z\u00e1\u0159\u00ed 2017 je za\u0159azena do s\u00edt\u011b \u0161kolek. M\u00e1me osobn\u00ed a citliv\u00fd p\u0159\u00edstup k d\u00edt\u011bti, kter\u00fd respektuje jeho v\u00fdvoj a je samotn\u00e9.N\u00e1\u0161 den m\u00e1 pravideln\u00fd rytmus, kter\u00fd tvo\u0159\u00ed spole\u010dn\u00e9 aktivity, ne\u0159\u00edzen\u00e1 voln\u00e1 pr\u00e1ce d\u011bt\u00ed a venkovn\u00ed program. D\u011bti [&hellip;]<\/p>\n","protected":false},"author":1,"featured_media":0,"parent":0,"menu_order":0,"comment_status":"closed","ping_status":"closed","template":"","meta":{"_et_pb_use_builder":"on","_et_pb_old_content":"","_et_gb_content_width":"","footnotes":""},"class_list":["post-519","page","type-page","status-publish","hentry"],"post_mailing_queue_ids":[],"_links":{"self":[{"href":"https:\/\/msslany.montessorislany.cz\/index.php?rest_route=\/wp\/v2\/pages\/519","targetHints":{"allow":["GET"]}}],"collection":[{"href":"https:\/\/msslany.montessorislany.cz\/index.php?rest_route=\/wp\/v2\/pages"}],"about":[{"href":"https:\/\/msslany.montessorislany.cz\/index.php?rest_route=\/wp\/v2\/types\/page"}],"author":[{"embeddable":true,"href":"https:\/\/msslany.montessorislany.cz\/index.php?rest_route=\/wp\/v2\/users\/1"}],"replies":[{"embeddable":true,"href":"https:\/\/msslany.montessorislany.cz\/index.php?rest_route=%2Fwp%2Fv2%2Fcomments&post=519"}],"version-history":[{"count":2,"href":"https:\/\/msslany.montessorislany.cz\/index.php?rest_route=\/wp\/v2\/pages\/519\/revisions"}],"predecessor-version":[{"id":522,"href":"https:\/\/msslany.montessorislany.cz\/index.php?rest_route=\/wp\/v2\/pages\/519\/revisions\/522"}],"wp:attachment":[{"href":"https:\/\/msslany.montessorislany.cz\/index.php?rest_route=%2Fwp%2Fv2%2Fmedia&parent=519"}],"curies":[{"name":"wp","href":"https:\/\/api.w.org\/{rel}","templated":true}]}}